{"id":3963,"date":"2024-07-26T11:43:20","date_gmt":"2024-07-26T09:43:20","guid":{"rendered":"https:\/\/www.iso21500.de\/?page_id=3963"},"modified":"2024-07-26T16:35:37","modified_gmt":"2024-07-26T14:35:37","slug":"vortraege-zum-projektmanagement-nach-iso","status":"publish","type":"page","link":"https:\/\/www.iso21500.de\/de\/vortraege-zum-projektmanagement-nach-iso\/","title":{"rendered":"Vortr\u00e4ge zum Projektmanagement nach&nbsp;ISO"},"content":{"rendered":"<div>\n<p><span style=\"color: #000000; font-family: DINWeb, Helvetica, Arial, sans-serif; font-size: 20px;\">Projekte und Projektmanagement kann \u2014 richtig verstanden \u2014 viel Erfolg und Befriedigung bedeuten. F\u00fcr alle Menschen und Unternehmen sind sie der Weg in eine noch bessere Zukunft. Die Leitlinien der ISO 21500 setzen hierf\u00fcr den bestm\u00f6glichen Rahmen. In Vortr\u00e4gen von AUDITISO m\u00f6chten wir hierf\u00fcr die Augen \u00f6ffnen, mit Herzblut werben und unterhaltend Kompetenz aufbauen.&nbsp;<\/span><\/p>\n<\/div>\n<h2>\n<h3>Projektmanagement \u2014 neu denken<\/h3>\n<h3><\/h3>\n<\/h2>\n<div>\n<p><span style=\"color: #000000; font-family: DINWeb, Helvetica, Arial, sans-serif; font-size: 20px;\">Lassen Sie sich inspirieren von \u00fcberraschenden Impulsen, unbezahlbaren Erfahrungen und neuesten Trends zum Projektmanagement.&nbsp;<\/span><\/p>\n<\/div>\n<h2>\n<h3>Projektmanagement \u2014 so viel wie&nbsp;n\u00f6tig<\/h3>\n<h3><\/h3>\n<\/h2>\n<div>\n<p><span style=\"color: #000000; font-family: DINWeb, Helvetica, Arial, sans-serif; font-size: 20px;\">Methoden, Standards, Handb\u00fccher, Governance und Tools sind oft \u00fcberzogen priorisierte und aufwendige Themen. Statt Projekte zu unterst\u00fctzen, werden sie zu Nebenkriegsschaupl\u00e4tzen. H\u00f6ren hierzu unsere Meinung.&nbsp;<\/span><\/p>\n<\/div>\n<h2>\n<h3>Projektmanagement \u2014 auch im Alltag nutzen<\/h3>\n<h3><\/h3>\n<\/h2>\n<div>\n<p><span style=\"color: #000000; font-family: DINWeb, Helvetica, Arial, sans-serif; font-size: 20px;\">Wie man PM Kompetenz \u00fcberall im Berufsalltag und auch im Privaten nutzen kann, dar\u00fcber wird im Vortrag \u00fcber&nbsp; Lebensreise und Reiseleben berichtet.<\/span><\/p>\n<\/div>\n<div>\n<p><span style=\"color: #000000; font-family: DINWeb, Helvetica, Arial, sans-serif; font-size: 20px;\">Nutzen Sie unsere fachliche Kompetenz und unterhaltende Rednerexpertise! Wir kommen gerne auf Ihre Events, Konferenzen oder Firmenfeiern.<\/span><\/p>\n<\/div>\n<p>\n    <a href=\"https:\/\/www.iso21500.de\/de\/kontakt\/\">Jetzt Vortrag anfragen<\/a>\n<\/p>\n<p><img decoding=\"async\" src=\"\/wp-content\/uploads\/istockphoto-1321067123-612x612-1.jpg\" alt><br>\n<img decoding=\"async\" src=\"\/wp-content\/uploads\/Reiseprojekte.jpg\" alt=\"ISO 21500\"><br>\n<img decoding=\"async\" src=\"\/wp-content\/uploads\/istockphoto-1249041775-612x612-1.jpg\" alt><\/p>\n<p><!--more--><br>\n<!-- {\"name\":\"Layout Standart Vorlage\",\"type\":\"layout\",\"children\":[{\"name\":\"HeroUnterseite\",\"type\":\"section\",\"props\":{\"animation\":\"slide-bottom-medium\",\"animation_delay\":\"100\",\"header_transparent\":true,\"header_transparent_noplaceholder\":true,\"header_transparent_text_color\":\"light\",\"image\":\"wp-content\\\/uploads\\\/photo-1494548162494-384bba4ab999-scaled.jpg\",\"image_effect\":\"parallax\",\"image_parallax_bgy\":\"170,0\",\"image_position\":\"center-center\",\"image_size\":\"cover\",\"media_overlay\":\"rgba(2, 106, 192, 0.33)\",\"overlap\":false,\"padding\":\"xlarge\",\"padding_remove_bottom\":false,\"style\":\"default\",\"title_breakpoint\":\"xl\",\"title_position\":\"top-left\",\"title_rotation\":\"left\",\"vertical_align\":\"\",\"width\":\"default\"},\"children\":[{\"type\":\"row\",\"props\":{\"margin\":\"medium\",\"margin_remove_bottom\":true,\"margin_remove_top\":false,\"vertical_align\":false},\"children\":[{\"type\":\"column\",\"props\":{\"image_height\":\"220\",\"image_parallax_bgy\":\"230,0\",\"image_position\":\"bottom-right\",\"image_width\":\"220\",\"position_sticky_breakpoint\":\"m\",\"text_color\":\"light\",\"width_medium\":\"1-1\"},\"children\":[{\"type\":\"headline\",\"props\":{\"title_element\":\"h1\",\"title_style\":\"heading-small\"},\"source\":{\"query\":{\"name\":\"pages.singlePage\"},\"props\":{\"content\":{\"filters\":{\"search\":\"\"},\"name\":\"title\"}}}}]}]}]},{\"type\":\"section\",\"props\":{\"image_position\":\"center-center\",\"style\":\"default\",\"title_breakpoint\":\"xl\",\"title_position\":\"top-left\",\"title_rotation\":\"left\",\"vertical_align\":\"\",\"width\":\"default\"},\"children\":[{\"type\":\"row\",\"children\":[{\"type\":\"column\",\"props\":{\"image_position\":\"center-center\",\"position_sticky_breakpoint\":\"m\"},\"children\":[{\"type\":\"breadcrumbs\",\"props\":{\"show_current\":true,\"show_home\":true}}]}]},{\"type\":\"row\",\"props\":{\"layout\":\"2-3,1-3\"},\"children\":[{\"type\":\"column\",\"props\":{\"image_position\":\"center-center\",\"position_sticky_breakpoint\":\"m\",\"width_medium\":\"2-3\"},\"children\":[{\"type\":\"text\",\"props\":{\"column_breakpoint\":\"m\",\"content\":\"\n\n<p><span style=\\\"color: #000000; font-family: DINWeb, Helvetica, Arial, sans-serif; font-size: 20px;\\\">Projekte und Projektmanagement kann - richtig verstanden - viel Erfolg und Befriedigung bedeuten. F\\u00fcr alle Menschen und Unternehmen sind sie der Weg in eine noch bessere Zukunft. Die Leitlinien der ISO 21500 setzen hierf\\u00fcr den bestm\\u00f6glichen Rahmen. In Vortr\\u00e4gen von AUDITISO m\\u00f6chten wir hierf\\u00fcr die Augen \\u00f6ffnen, mit Herzblut werben und unterhaltend Kompetenz aufbauen.\\u00a0<\\\/span><br \\\/><br \\\/><\\\/p>\",\"margin\":\"default\"}},{\"type\":\"headline\",\"props\":{\"content\":\"\n\n<h3>Projektmanagement - neu denken<\\\/h3>\\n\n\n<h3><\\\/h3>\",\"title_element\":\"h2\",\"title_style\":\"h3\"}},{\"type\":\"text\",\"props\":{\"column_breakpoint\":\"m\",\"content\":\"\n\n<p><span style=\\\"color: #000000; font-family: DINWeb, Helvetica, Arial, sans-serif; font-size: 20px;\\\">Lassen Sie sich inspirieren von \\u00fcberraschenden Impulsen, unbezahlbaren Erfahrungen und neuesten Trends zum Projektmanagement.\\u00a0<\\\/span><br \\\/><br \\\/><\\\/p>\",\"margin\":\"default\"}},{\"type\":\"headline\",\"props\":{\"content\":\"\n\n<h3>Projektmanagement - so viel wie n\\u00f6tig<\\\/h3>\\n\n\n<h3><\\\/h3>\",\"title_element\":\"h2\",\"title_style\":\"h3\"}},{\"type\":\"text\",\"props\":{\"column_breakpoint\":\"m\",\"content\":\"\n\n<p><span style=\\\"color: #000000; font-family: DINWeb, Helvetica, Arial, sans-serif; font-size: 20px;\\\">Methoden, Standards, Handb\\u00fccher, Governance und Tools sind oft \\u00fcberzogen priorisierte und aufwendige Themen. Statt Projekte zu unterst\\u00fctzen, werden sie zu Nebenkriegsschaupl\\u00e4tzen. H\\u00f6ren hierzu unsere Meinung.\\u00a0<\\\/span><br \\\/><br \\\/><\\\/p>\",\"margin\":\"default\"}},{\"type\":\"headline\",\"props\":{\"content\":\"\n\n<h3>Projektmanagement - auch im Alltag nutzen<\\\/h3>\\n\n\n<h3><\\\/h3>\",\"title_element\":\"h2\",\"title_style\":\"h3\"}},{\"type\":\"text\",\"props\":{\"column_breakpoint\":\"m\",\"content\":\"\n\n<p><span style=\\\"color: #000000; font-family: DINWeb, Helvetica, Arial, sans-serif; font-size: 20px;\\\">Wie man PM Kompetenz \\u00fcberall im Berufsalltag und auch im Privaten nutzen kann, dar\\u00fcber wird im Vortrag \\u00fcber\\u00a0 Lebensreise und Reiseleben berichtet.<\\\/span><br \\\/><br \\\/><\\\/p>\",\"margin\":\"default\"}},{\"type\":\"text\",\"props\":{\"column_breakpoint\":\"m\",\"content\":\"\n\n<p><\\\/p>\\n\n\n<p><span style=\\\"color: #000000; font-family: DINWeb, Helvetica, Arial, sans-serif; font-size: 20px;\\\">Nutzen Sie unsere fachliche Kompetenz und unterhaltende Rednerexpertise! Wir kommen gerne auf Ihre Events, Konferenzen oder Firmenfeiern.<\\\/span><br \\\/><br \\\/><\\\/p>\",\"margin\":\"default\"}},{\"type\":\"button\",\"props\":{\"grid_column_gap\":\"small\",\"grid_row_gap\":\"small\",\"margin\":\"default\"},\"children\":[{\"type\":\"button_item\",\"props\":{\"button_style\":\"primary\",\"content\":\"Jetzt Vortrag anfragen\",\"icon_align\":\"left\",\"link\":\"https:\\\/\\\/www.iso21500.de\\\/de\\\/kontakt\\\/\"}}]}]},{\"type\":\"column\",\"props\":{\"image_position\":\"center-center\",\"position_sticky_breakpoint\":\"m\",\"width_medium\":\"1-3\"},\"children\":[{\"type\":\"image\",\"props\":{\"image\":\"wp-content\\\/uploads\\\/istockphoto-1321067123-612x612-1.jpg\",\"image_svg_color\":\"emphasis\",\"margin\":\"default\"}},{\"type\":\"image\",\"props\":{\"image\":\"wp-content\\\/uploads\\\/Reiseprojekte.jpg\",\"image_alt\":\"ISO 21500\",\"image_svg_color\":\"emphasis\",\"margin\":\"default\"}},{\"type\":\"image\",\"props\":{\"image\":\"wp-content\\\/uploads\\\/istockphoto-1249041775-612x612-1.jpg\",\"image_svg_color\":\"emphasis\",\"margin\":\"default\"}}]}]},{\"type\":\"row\",\"children\":[{\"type\":\"column\",\"props\":{\"image_position\":\"center-center\",\"position_sticky_breakpoint\":\"m\"}}]}]}],\"version\":\"4.4.4\",\"yooessentialsVersion\":\"2.2.14\"} --><\/p>\n","protected":false},"excerpt":{"rendered":"<p>Projekte und Projektmanagement kann \u2014 richtig verstanden \u2014 viel Erfolg und Befriedigung bedeuten. F\u00fcr alle Menschen und Unternehmen sind sie der Weg in eine noch bessere Zukunft. Die Leitlinien der ISO 21500 setzen hierf\u00fcr den bestm\u00f6glichen Rahmen. In Vortr\u00e4gen von AUDITISO m\u00f6chten wir hierf\u00fcr die Augen \u00f6ffnen, mit Herzblut werben und unterhaltend Kompetenz aufbauen.&nbsp; Projektmanagement&nbsp;[\u2026]<\/p>\n","protected":false},"author":3,"featured_media":0,"parent":0,"menu_order":0,"comment_status":"closed","ping_status":"closed","template":"","meta":{"_acf_changed":false,"wp_typography_post_enhancements_disabled":false,"footnotes":""},"class_list":["post-3963","page","type-page","status-publish","hentry"],"acf":[],"yoast_head":"<!-- This site is optimized with the Yoast SEO plugin v27.2 - https:\/\/yoast.com\/product\/yoast-seo-wordpress\/ -->\n<title>B\u00fccher zur ISO 21500 bzw. ISO 21502<\/title>\n<meta name=\"description\" content=\"B\u00fccher zur ISO21500 bzw. ISO 21502 in der Originalversion vom Beuth Verlag oder als \u00fcberarbeitete Ebook Praxisversion von TRAVISION\" \/>\n<meta name=\"robots\" content=\"index, follow, max-snippet:-1, max-image-preview:large, max-video-preview:-1\" \/>\n<link rel=\"canonical\" href=\"https:\/\/www.iso21500.de\/de\/vortraege-zum-projektmanagement-nach-iso\/\" \/>\n<meta property=\"og:locale\" content=\"de_DE\" \/>\n<meta property=\"og:type\" content=\"article\" \/>\n<meta property=\"og:title\" content=\"B\u00fccher zur ISO 21500 bzw. ISO 21502\" \/>\n<meta property=\"og:description\" content=\"B\u00fccher zur ISO21500 bzw. ISO 21502 in der Originalversion vom Beuth Verlag oder als \u00fcberarbeitete Ebook Praxisversion von TRAVISION\" \/>\n<meta property=\"og:url\" content=\"https:\/\/www.iso21500.de\/de\/vortraege-zum-projektmanagement-nach-iso\/\" \/>\n<meta property=\"og:site_name\" content=\"Projektmanagement nach ISO21500\" \/>\n<meta property=\"article:modified_time\" content=\"2024-07-26T14:35:37+00:00\" \/>\n<meta name=\"twitter:card\" content=\"summary_large_image\" \/>\n<meta name=\"twitter:label1\" content=\"Gesch\u00e4tzte Lesezeit\" \/>\n\t<meta name=\"twitter:data1\" content=\"2\u00a0Minuten\" \/>\n<script type=\"application\/ld+json\" class=\"yoast-schema-graph\">{\"@context\":\"https:\/\/schema.org\",\"@graph\":[{\"@type\":\"WebPage\",\"@id\":\"https:\/\/www.iso21500.de\/de\/vortraege-zum-projektmanagement-nach-iso\/\",\"url\":\"https:\/\/www.iso21500.de\/de\/vortraege-zum-projektmanagement-nach-iso\/\",\"name\":\"B\u00fccher zur ISO 21500 bzw. ISO 21502\",\"isPartOf\":{\"@id\":\"https:\/\/www.iso21500.de\/de\/#website\"},\"datePublished\":\"2024-07-26T09:43:20+00:00\",\"dateModified\":\"2024-07-26T14:35:37+00:00\",\"description\":\"B\u00fccher zur ISO21500 bzw. ISO 21502 in der Originalversion vom Beuth Verlag oder als \u00fcberarbeitete Ebook Praxisversion von TRAVISION\",\"breadcrumb\":{\"@id\":\"https:\/\/www.iso21500.de\/de\/vortraege-zum-projektmanagement-nach-iso\/#breadcrumb\"},\"inLanguage\":\"de\",\"potentialAction\":[{\"@type\":\"ReadAction\",\"target\":[\"https:\/\/www.iso21500.de\/de\/vortraege-zum-projektmanagement-nach-iso\/\"]}]},{\"@type\":\"BreadcrumbList\",\"@id\":\"https:\/\/www.iso21500.de\/de\/vortraege-zum-projektmanagement-nach-iso\/#breadcrumb\",\"itemListElement\":[{\"@type\":\"ListItem\",\"position\":1,\"name\":\"Startseite\",\"item\":\"https:\/\/www.iso21500.de\/de\/\"},{\"@type\":\"ListItem\",\"position\":2,\"name\":\"Vortr\u00e4ge zum Projektmanagement nach ISO\"}]},{\"@type\":\"WebSite\",\"@id\":\"https:\/\/www.iso21500.de\/de\/#website\",\"url\":\"https:\/\/www.iso21500.de\/de\/\",\"name\":\"iso21500.de\",\"description\":\"neu: Projektmanagement nach ISO21502\",\"publisher\":{\"@id\":\"https:\/\/www.iso21500.de\/de\/#\/schema\/person\/13c5df3918ff1cab82ab9ca397d3e3a4\"},\"potentialAction\":[{\"@type\":\"SearchAction\",\"target\":{\"@type\":\"EntryPoint\",\"urlTemplate\":\"https:\/\/www.iso21500.de\/de\/?s={search_term_string}\"},\"query-input\":{\"@type\":\"PropertyValueSpecification\",\"valueRequired\":true,\"valueName\":\"search_term_string\"}}],\"inLanguage\":\"de\"},{\"@type\":[\"Person\",\"Organization\"],\"@id\":\"https:\/\/www.iso21500.de\/de\/#\/schema\/person\/13c5df3918ff1cab82ab9ca397d3e3a4\",\"name\":\"Dennis Hain\",\"image\":{\"@type\":\"ImageObject\",\"inLanguage\":\"de\",\"@id\":\"https:\/\/secure.gravatar.com\/avatar\/89898cfc3cb4dc6d7782fcd955179ebd47446145f4b7827e99ec78603be85eda?s=96&d=mm&r=g\",\"url\":\"https:\/\/secure.gravatar.com\/avatar\/89898cfc3cb4dc6d7782fcd955179ebd47446145f4b7827e99ec78603be85eda?s=96&d=mm&r=g\",\"contentUrl\":\"https:\/\/secure.gravatar.com\/avatar\/89898cfc3cb4dc6d7782fcd955179ebd47446145f4b7827e99ec78603be85eda?s=96&d=mm&r=g\",\"caption\":\"Dennis Hain\"},\"logo\":{\"@id\":\"https:\/\/secure.gravatar.com\/avatar\/89898cfc3cb4dc6d7782fcd955179ebd47446145f4b7827e99ec78603be85eda?s=96&d=mm&r=g\"},\"sameAs\":[\"https:\/\/www.fusepro.de\"]}]}<\/script>\n<!-- \/ Yoast SEO plugin. -->","yoast_head_json":{"title":"B\u00fccher zur ISO 21500 bzw. ISO 21502","description":"B\u00fccher zur ISO21500 bzw. ISO 21502 in der Originalversion vom Beuth Verlag oder als \u00fcberarbeitete Ebook Praxisversion von TRAVISION","robots":{"index":"index","follow":"follow","max-snippet":"max-snippet:-1","max-image-preview":"max-image-preview:large","max-video-preview":"max-video-preview:-1"},"canonical":"https:\/\/www.iso21500.de\/de\/vortraege-zum-projektmanagement-nach-iso\/","og_locale":"de_DE","og_type":"article","og_title":"B\u00fccher zur ISO 21500 bzw. ISO 21502","og_description":"B\u00fccher zur ISO21500 bzw. ISO 21502 in der Originalversion vom Beuth Verlag oder als \u00fcberarbeitete Ebook Praxisversion von TRAVISION","og_url":"https:\/\/www.iso21500.de\/de\/vortraege-zum-projektmanagement-nach-iso\/","og_site_name":"Projektmanagement nach ISO21500","article_modified_time":"2024-07-26T14:35:37+00:00","twitter_card":"summary_large_image","twitter_misc":{"Gesch\u00e4tzte Lesezeit":"2\u00a0Minuten"},"schema":{"@context":"https:\/\/schema.org","@graph":[{"@type":"WebPage","@id":"https:\/\/www.iso21500.de\/de\/vortraege-zum-projektmanagement-nach-iso\/","url":"https:\/\/www.iso21500.de\/de\/vortraege-zum-projektmanagement-nach-iso\/","name":"B\u00fccher zur ISO 21500 bzw. ISO 21502","isPartOf":{"@id":"https:\/\/www.iso21500.de\/de\/#website"},"datePublished":"2024-07-26T09:43:20+00:00","dateModified":"2024-07-26T14:35:37+00:00","description":"B\u00fccher zur ISO21500 bzw. ISO 21502 in der Originalversion vom Beuth Verlag oder als \u00fcberarbeitete Ebook Praxisversion von TRAVISION","breadcrumb":{"@id":"https:\/\/www.iso21500.de\/de\/vortraege-zum-projektmanagement-nach-iso\/#breadcrumb"},"inLanguage":"de","potentialAction":[{"@type":"ReadAction","target":["https:\/\/www.iso21500.de\/de\/vortraege-zum-projektmanagement-nach-iso\/"]}]},{"@type":"BreadcrumbList","@id":"https:\/\/www.iso21500.de\/de\/vortraege-zum-projektmanagement-nach-iso\/#breadcrumb","itemListElement":[{"@type":"ListItem","position":1,"name":"Startseite","item":"https:\/\/www.iso21500.de\/de\/"},{"@type":"ListItem","position":2,"name":"Vortr\u00e4ge zum Projektmanagement nach ISO"}]},{"@type":"WebSite","@id":"https:\/\/www.iso21500.de\/de\/#website","url":"https:\/\/www.iso21500.de\/de\/","name":"iso21500.de","description":"neu: Projektmanagement nach ISO21502","publisher":{"@id":"https:\/\/www.iso21500.de\/de\/#\/schema\/person\/13c5df3918ff1cab82ab9ca397d3e3a4"},"potentialAction":[{"@type":"SearchAction","target":{"@type":"EntryPoint","urlTemplate":"https:\/\/www.iso21500.de\/de\/?s={search_term_string}"},"query-input":{"@type":"PropertyValueSpecification","valueRequired":true,"valueName":"search_term_string"}}],"inLanguage":"de"},{"@type":["Person","Organization"],"@id":"https:\/\/www.iso21500.de\/de\/#\/schema\/person\/13c5df3918ff1cab82ab9ca397d3e3a4","name":"Dennis Hain","image":{"@type":"ImageObject","inLanguage":"de","@id":"https:\/\/secure.gravatar.com\/avatar\/89898cfc3cb4dc6d7782fcd955179ebd47446145f4b7827e99ec78603be85eda?s=96&d=mm&r=g","url":"https:\/\/secure.gravatar.com\/avatar\/89898cfc3cb4dc6d7782fcd955179ebd47446145f4b7827e99ec78603be85eda?s=96&d=mm&r=g","contentUrl":"https:\/\/secure.gravatar.com\/avatar\/89898cfc3cb4dc6d7782fcd955179ebd47446145f4b7827e99ec78603be85eda?s=96&d=mm&r=g","caption":"Dennis Hain"},"logo":{"@id":"https:\/\/secure.gravatar.com\/avatar\/89898cfc3cb4dc6d7782fcd955179ebd47446145f4b7827e99ec78603be85eda?s=96&d=mm&r=g"},"sameAs":["https:\/\/www.fusepro.de"]}]}},"_links":{"self":[{"href":"https:\/\/www.iso21500.de\/de\/wp-json\/wp\/v2\/pages\/3963","targetHints":{"allow":["GET"]}}],"collection":[{"href":"https:\/\/www.iso21500.de\/de\/wp-json\/wp\/v2\/pages"}],"about":[{"href":"https:\/\/www.iso21500.de\/de\/wp-json\/wp\/v2\/types\/page"}],"author":[{"embeddable":true,"href":"https:\/\/www.iso21500.de\/de\/wp-json\/wp\/v2\/users\/3"}],"replies":[{"embeddable":true,"href":"https:\/\/www.iso21500.de\/de\/wp-json\/wp\/v2\/comments?post=3963"}],"version-history":[{"count":10,"href":"https:\/\/www.iso21500.de\/de\/wp-json\/wp\/v2\/pages\/3963\/revisions"}],"predecessor-version":[{"id":4002,"href":"https:\/\/www.iso21500.de\/de\/wp-json\/wp\/v2\/pages\/3963\/revisions\/4002"}],"wp:attachment":[{"href":"https:\/\/www.iso21500.de\/de\/wp-json\/wp\/v2\/media?parent=3963"}],"curies":[{"name":"wp","href":"https:\/\/api.w.org\/{rel}","templated":true}]}}