{"id":45,"date":"2021-10-07T20:48:01","date_gmt":"2021-10-07T18:48:01","guid":{"rendered":"https:\/\/www.iso21500.de\/?page_id=45"},"modified":"2024-01-01T16:36:26","modified_gmt":"2024-01-01T15:36:26","slug":"seminare-fuer-behoerden-und-aemter","status":"publish","type":"page","link":"https:\/\/www.iso21500.de\/de\/seminare-nach-iso-21500\/seminare-fuer-behoerden-und-aemter\/","title":{"rendered":"Seminare Projektmanagement f\u00fcr Verwaltungen  \u2014 klassisch, agil und hybrid"},"content":{"rendered":"\n<h2 class=\"wp-block-heading\">Seminar Projektmanagement f\u00fcr \u00c4mter, Beh\u00f6rden und Institute:<\/h2>\n\n\n\n<p>Projektmanagement ist eine Basiskompetenz \u2013 besonders auch f\u00fcr \u00c4mter. Beh\u00f6rden und Institute. Projektmanagement erm\u00f6glicht es, Vorhaben termingerecht und im vorgegebenen Kostenrahmen zu erledigen. Darin sind Dutzende von Einzeldisziplinen wie Risiko\u2011, Qualit\u00e4ts- oder Kommunikationsmanagement enthalten, die einzeln oder integriert weiterzuentwickeln sind.<\/p>\n\n\n\n<p>Viele Trainer betrachten die Projektmanagementthemen isoliert \u2013 ohne den fachlichen Bezug.&nbsp; Dies ist m\u00f6glich, aber suboptimal. Erst mit einem inhaltlichen Verst\u00e4ndnis f\u00fcr die Branche, ihre Sprache und Herausforderungen wird eine Atmosph\u00e4re geschaffen, in der die Wissensvermittlung und Weiterbildung auf hohem Niveau aufsetzen und sich entfalten kann.<\/p>\n\n\n\n<p>Unser Trainer, Norbert Daehne, ist Berater, Coach und Trainer f\u00fcr Themen rund um Projekte und Personalentwicklung. Er ist in der Kultur und den Themen von \u00c4mtern, Instituten und Beh\u00f6rden erfahren. Projekte und Seminare hat er auf kommunaler, regionaler oder Bundesebene durchgef\u00fchrt.<\/p>\n\n\n\n<p>Kunden sind beispielsweise die Stadt Wiesbaden, der Kreis Gro\u00df-Gerau, das Verkehrsministerium, das Statistisches Bundesamt, die IHK Rheinhessen und Landesforsten Rheinland-Pfalz. In seinem Verantwortungsbereich lagen Strategiethemen, Personalverantwortung, IT, Projekte und Controlling.<\/p>\n\n\n\n<p>Daher wird Norbert Daehne in Seminaren schnell mit den Teilnehmern eine gemeinsame vertraute Gespr\u00e4chsebene finden \u2013 und gleichzeitig den unternehmens- und branchen\u00fcbergreifenden Blickwinkel beibehalten.<\/p>\n\n\n\n<p><strong>Seminare, \u00dcbungen und Fallbeispiele an der Branche orientiert<\/strong><\/p>\n\n\n\n<p>Projektmanagement betreibt Norbert Daehne nach klassischen Methoden genauso wie nach den agilen Vorgehensweisen Scrum oder Kanban. Er ist nach ISO, PMI und Scrum zertifiziert. Der K\u00f6nigsweg ist f\u00fcr ihn ein hybrides Vorgehen, bei dem die jeweils geeignetsten Methoden und Werkzeuge kombiniert werden.<\/p>\n\n\n\n<p>Gerne werden auch Projektmanagement-Seminare f\u00fcr F\u00fchrungskr\u00e4fte durchgef\u00fchrt, da die Manager die entscheidenden Weichen f\u00fcr Projekte stellen m\u00fcssen und dabei oft Defizite erkennen lassen. Unser Trainer ist seit langem ein erfolgreicher Manager in gro\u00dfen und kleinen Unternehmen.&nbsp;<\/p>\n\n\n\n<p>Die grunds\u00e4tzlichen Inhalte des Projektmanagement-Seminars finden Sie bei einem <a href=\"https:\/\/www.iso21500.de\/de\/seminare-projektmanagement-nach-iso21\">Klick hier<\/a>.<\/p>\n\n\n\n<p>Oder sprechen Sie direkt mit dem Seminarleiter:&nbsp;<\/p>\n\n\n\n<p>Norbert Daehne<\/p>\n\n\n\n<p>+49 1566 1667606&nbsp;<\/p>\n","protected":false},"excerpt":{"rendered":"<p>Seminar Projektmanagement f\u00fcr \u00c4mter, Beh\u00f6rden und Institute: Projektmanagement ist eine Basiskompetenz \u2013 besonders auch f\u00fcr \u00c4mter. Beh\u00f6rden und Institute. Projektmanagement erm\u00f6glicht es, Vorhaben termingerecht und im vorgegebenen Kostenrahmen zu erledigen. Darin sind Dutzende von Einzeldisziplinen wie Risiko\u2011, Qualit\u00e4ts- oder Kommunikationsmanagement enthalten, die einzeln oder integriert weiterzuentwickeln sind. Viele Trainer betrachten die Projektmanagementthemen isoliert \u2013&nbsp;ohne&nbsp;[\u2026]<\/p>\n","protected":false},"author":4,"featured_media":0,"parent":23,"menu_order":0,"comment_status":"closed","ping_status":"closed","template":"","meta":{"_acf_changed":false,"wp_typography_post_enhancements_disabled":false,"footnotes":""},"class_list":["post-45","page","type-page","status-publish","hentry"],"acf":[],"yoast_head":"<!-- This site is optimized with the Yoast SEO plugin v27.2 - https:\/\/yoast.com\/product\/yoast-seo-wordpress\/ -->\n<title>Beh\u00f6rden und \u00c4mter - Projektmanagement-Seminare nach ISO<\/title>\n<meta name=\"description\" content=\"Projektmanagement Seminare nach ISO 21500 mit Zertifizierung von IHK f\u00fcr \u00c4mter, Beh\u00f6rden und Institute vom langj\u00e4hrigen Manager Norbert Daehne\" \/>\n<meta name=\"robots\" content=\"index, follow, max-snippet:-1, max-image-preview:large, max-video-preview:-1\" \/>\n<link rel=\"canonical\" href=\"https:\/\/www.iso21500.de\/de\/seminare-nach-iso-21500\/seminare-fuer-behoerden-und-aemter\/\" \/>\n<meta property=\"og:locale\" content=\"de_DE\" \/>\n<meta property=\"og:type\" content=\"article\" \/>\n<meta property=\"og:title\" content=\"Beh\u00f6rden und \u00c4mter - Projektmanagement-Seminare nach ISO\" \/>\n<meta property=\"og:description\" content=\"Projektmanagement Seminare nach ISO 21500 mit Zertifizierung von IHK f\u00fcr \u00c4mter, Beh\u00f6rden und Institute vom langj\u00e4hrigen Manager Norbert Daehne\" \/>\n<meta property=\"og:url\" content=\"https:\/\/www.iso21500.de\/de\/seminare-nach-iso-21500\/seminare-fuer-behoerden-und-aemter\/\" \/>\n<meta property=\"og:site_name\" content=\"Projektmanagement nach ISO21500\" \/>\n<meta property=\"article:modified_time\" content=\"2024-01-01T15:36:26+00:00\" \/>\n<meta name=\"twitter:card\" content=\"summary_large_image\" \/>\n<meta name=\"twitter:label1\" content=\"Gesch\u00e4tzte Lesezeit\" \/>\n\t<meta name=\"twitter:data1\" content=\"2\u00a0Minuten\" \/>\n<script type=\"application\/ld+json\" class=\"yoast-schema-graph\">{\"@context\":\"https:\/\/schema.org\",\"@graph\":[{\"@type\":\"WebPage\",\"@id\":\"https:\/\/www.iso21500.de\/de\/seminare-nach-iso-21500\/seminare-fuer-behoerden-und-aemter\/\",\"url\":\"https:\/\/www.iso21500.de\/de\/seminare-nach-iso-21500\/seminare-fuer-behoerden-und-aemter\/\",\"name\":\"Beh\u00f6rden und \u00c4mter - Projektmanagement-Seminare nach ISO\",\"isPartOf\":{\"@id\":\"https:\/\/www.iso21500.de\/de\/#website\"},\"datePublished\":\"2021-10-07T18:48:01+00:00\",\"dateModified\":\"2024-01-01T15:36:26+00:00\",\"description\":\"Projektmanagement Seminare nach ISO 21500 mit Zertifizierung von IHK f\u00fcr \u00c4mter, Beh\u00f6rden und Institute vom langj\u00e4hrigen Manager Norbert Daehne\",\"breadcrumb\":{\"@id\":\"https:\/\/www.iso21500.de\/de\/seminare-nach-iso-21500\/seminare-fuer-behoerden-und-aemter\/#breadcrumb\"},\"inLanguage\":\"de\",\"potentialAction\":[{\"@type\":\"ReadAction\",\"target\":[\"https:\/\/www.iso21500.de\/de\/seminare-nach-iso-21500\/seminare-fuer-behoerden-und-aemter\/\"]}]},{\"@type\":\"BreadcrumbList\",\"@id\":\"https:\/\/www.iso21500.de\/de\/seminare-nach-iso-21500\/seminare-fuer-behoerden-und-aemter\/#breadcrumb\",\"itemListElement\":[{\"@type\":\"ListItem\",\"position\":1,\"name\":\"Startseite\",\"item\":\"https:\/\/www.iso21500.de\/de\/\"},{\"@type\":\"ListItem\",\"position\":2,\"name\":\"Seminare Projektmanagement nach ISO\",\"item\":\"https:\/\/www.iso21500.de\/de\/seminare-nach-iso-21500\/\"},{\"@type\":\"ListItem\",\"position\":3,\"name\":\"Seminare Projektmanagement f\u00fcr Verwaltungen &#8211; klassisch, agil und hybrid\"}]},{\"@type\":\"WebSite\",\"@id\":\"https:\/\/www.iso21500.de\/de\/#website\",\"url\":\"https:\/\/www.iso21500.de\/de\/\",\"name\":\"iso21500.de\",\"description\":\"neu: Projektmanagement nach ISO21502\",\"publisher\":{\"@id\":\"https:\/\/www.iso21500.de\/de\/#\/schema\/person\/13c5df3918ff1cab82ab9ca397d3e3a4\"},\"potentialAction\":[{\"@type\":\"SearchAction\",\"target\":{\"@type\":\"EntryPoint\",\"urlTemplate\":\"https:\/\/www.iso21500.de\/de\/?s={search_term_string}\"},\"query-input\":{\"@type\":\"PropertyValueSpecification\",\"valueRequired\":true,\"valueName\":\"search_term_string\"}}],\"inLanguage\":\"de\"},{\"@type\":[\"Person\",\"Organization\"],\"@id\":\"https:\/\/www.iso21500.de\/de\/#\/schema\/person\/13c5df3918ff1cab82ab9ca397d3e3a4\",\"name\":\"Dennis Hain\",\"image\":{\"@type\":\"ImageObject\",\"inLanguage\":\"de\",\"@id\":\"https:\/\/secure.gravatar.com\/avatar\/89898cfc3cb4dc6d7782fcd955179ebd47446145f4b7827e99ec78603be85eda?s=96&d=mm&r=g\",\"url\":\"https:\/\/secure.gravatar.com\/avatar\/89898cfc3cb4dc6d7782fcd955179ebd47446145f4b7827e99ec78603be85eda?s=96&d=mm&r=g\",\"contentUrl\":\"https:\/\/secure.gravatar.com\/avatar\/89898cfc3cb4dc6d7782fcd955179ebd47446145f4b7827e99ec78603be85eda?s=96&d=mm&r=g\",\"caption\":\"Dennis Hain\"},\"logo\":{\"@id\":\"https:\/\/secure.gravatar.com\/avatar\/89898cfc3cb4dc6d7782fcd955179ebd47446145f4b7827e99ec78603be85eda?s=96&d=mm&r=g\"},\"sameAs\":[\"https:\/\/www.fusepro.de\"]}]}<\/script>\n<!-- \/ Yoast SEO plugin. -->","yoast_head_json":{"title":"Beh\u00f6rden und \u00c4mter - Projektmanagement-Seminare nach ISO","description":"Projektmanagement Seminare nach ISO 21500 mit Zertifizierung von IHK f\u00fcr \u00c4mter, Beh\u00f6rden und Institute vom langj\u00e4hrigen Manager Norbert Daehne","robots":{"index":"index","follow":"follow","max-snippet":"max-snippet:-1","max-image-preview":"max-image-preview:large","max-video-preview":"max-video-preview:-1"},"canonical":"https:\/\/www.iso21500.de\/de\/seminare-nach-iso-21500\/seminare-fuer-behoerden-und-aemter\/","og_locale":"de_DE","og_type":"article","og_title":"Beh\u00f6rden und \u00c4mter - Projektmanagement-Seminare nach ISO","og_description":"Projektmanagement Seminare nach ISO 21500 mit Zertifizierung von IHK f\u00fcr \u00c4mter, Beh\u00f6rden und Institute vom langj\u00e4hrigen Manager Norbert Daehne","og_url":"https:\/\/www.iso21500.de\/de\/seminare-nach-iso-21500\/seminare-fuer-behoerden-und-aemter\/","og_site_name":"Projektmanagement nach ISO21500","article_modified_time":"2024-01-01T15:36:26+00:00","twitter_card":"summary_large_image","twitter_misc":{"Gesch\u00e4tzte Lesezeit":"2\u00a0Minuten"},"schema":{"@context":"https:\/\/schema.org","@graph":[{"@type":"WebPage","@id":"https:\/\/www.iso21500.de\/de\/seminare-nach-iso-21500\/seminare-fuer-behoerden-und-aemter\/","url":"https:\/\/www.iso21500.de\/de\/seminare-nach-iso-21500\/seminare-fuer-behoerden-und-aemter\/","name":"Beh\u00f6rden und \u00c4mter - Projektmanagement-Seminare nach ISO","isPartOf":{"@id":"https:\/\/www.iso21500.de\/de\/#website"},"datePublished":"2021-10-07T18:48:01+00:00","dateModified":"2024-01-01T15:36:26+00:00","description":"Projektmanagement Seminare nach ISO 21500 mit Zertifizierung von IHK f\u00fcr \u00c4mter, Beh\u00f6rden und Institute vom langj\u00e4hrigen Manager Norbert Daehne","breadcrumb":{"@id":"https:\/\/www.iso21500.de\/de\/seminare-nach-iso-21500\/seminare-fuer-behoerden-und-aemter\/#breadcrumb"},"inLanguage":"de","potentialAction":[{"@type":"ReadAction","target":["https:\/\/www.iso21500.de\/de\/seminare-nach-iso-21500\/seminare-fuer-behoerden-und-aemter\/"]}]},{"@type":"BreadcrumbList","@id":"https:\/\/www.iso21500.de\/de\/seminare-nach-iso-21500\/seminare-fuer-behoerden-und-aemter\/#breadcrumb","itemListElement":[{"@type":"ListItem","position":1,"name":"Startseite","item":"https:\/\/www.iso21500.de\/de\/"},{"@type":"ListItem","position":2,"name":"Seminare Projektmanagement nach ISO","item":"https:\/\/www.iso21500.de\/de\/seminare-nach-iso-21500\/"},{"@type":"ListItem","position":3,"name":"Seminare Projektmanagement f\u00fcr Verwaltungen &#8211; klassisch, agil und hybrid"}]},{"@type":"WebSite","@id":"https:\/\/www.iso21500.de\/de\/#website","url":"https:\/\/www.iso21500.de\/de\/","name":"iso21500.de","description":"neu: Projektmanagement nach ISO21502","publisher":{"@id":"https:\/\/www.iso21500.de\/de\/#\/schema\/person\/13c5df3918ff1cab82ab9ca397d3e3a4"},"potentialAction":[{"@type":"SearchAction","target":{"@type":"EntryPoint","urlTemplate":"https:\/\/www.iso21500.de\/de\/?s={search_term_string}"},"query-input":{"@type":"PropertyValueSpecification","valueRequired":true,"valueName":"search_term_string"}}],"inLanguage":"de"},{"@type":["Person","Organization"],"@id":"https:\/\/www.iso21500.de\/de\/#\/schema\/person\/13c5df3918ff1cab82ab9ca397d3e3a4","name":"Dennis Hain","image":{"@type":"ImageObject","inLanguage":"de","@id":"https:\/\/secure.gravatar.com\/avatar\/89898cfc3cb4dc6d7782fcd955179ebd47446145f4b7827e99ec78603be85eda?s=96&d=mm&r=g","url":"https:\/\/secure.gravatar.com\/avatar\/89898cfc3cb4dc6d7782fcd955179ebd47446145f4b7827e99ec78603be85eda?s=96&d=mm&r=g","contentUrl":"https:\/\/secure.gravatar.com\/avatar\/89898cfc3cb4dc6d7782fcd955179ebd47446145f4b7827e99ec78603be85eda?s=96&d=mm&r=g","caption":"Dennis Hain"},"logo":{"@id":"https:\/\/secure.gravatar.com\/avatar\/89898cfc3cb4dc6d7782fcd955179ebd47446145f4b7827e99ec78603be85eda?s=96&d=mm&r=g"},"sameAs":["https:\/\/www.fusepro.de"]}]}},"_links":{"self":[{"href":"https:\/\/www.iso21500.de\/de\/wp-json\/wp\/v2\/pages\/45","targetHints":{"allow":["GET"]}}],"collection":[{"href":"https:\/\/www.iso21500.de\/de\/wp-json\/wp\/v2\/pages"}],"about":[{"href":"https:\/\/www.iso21500.de\/de\/wp-json\/wp\/v2\/types\/page"}],"author":[{"embeddable":true,"href":"https:\/\/www.iso21500.de\/de\/wp-json\/wp\/v2\/users\/4"}],"replies":[{"embeddable":true,"href":"https:\/\/www.iso21500.de\/de\/wp-json\/wp\/v2\/comments?post=45"}],"version-history":[{"count":5,"href":"https:\/\/www.iso21500.de\/de\/wp-json\/wp\/v2\/pages\/45\/revisions"}],"predecessor-version":[{"id":3258,"href":"https:\/\/www.iso21500.de\/de\/wp-json\/wp\/v2\/pages\/45\/revisions\/3258"}],"up":[{"embeddable":true,"href":"https:\/\/www.iso21500.de\/de\/wp-json\/wp\/v2\/pages\/23"}],"wp:attachment":[{"href":"https:\/\/www.iso21500.de\/de\/wp-json\/wp\/v2\/media?parent=45"}],"curies":[{"name":"wp","href":"https:\/\/api.w.org\/{rel}","templated":true}]}}